{"id":3430,"date":"2020-08-19T12:12:45","date_gmt":"2020-08-19T12:12:45","guid":{"rendered":"http:\/\/filliers.wpengine.com\/legal\/"},"modified":"2020-12-08T15:51:08","modified_gmt":"2020-12-08T15:51:08","slug":"legal","status":"publish","type":"page","link":"https:\/\/filliersdistillery.com\/fr\/legal\/","title":{"rendered":"Privacy Policy"},"content":{"rendered":"\n<p>La protection de votre vie priv\u00e9e est essentielle \u00e0 nos yeux. D\u00e8s lors, la pr\u00e9sente d\u00e9claration relative \u00e0 la protection de la vie priv\u00e9e vous \u00e9claire sur les informations vous concernant que nous collectons et sur la mani\u00e8re dont nous utilisons ces informations.<\/p>\n\n\n\n<p>La pr\u00e9sente d\u00e9claration relative \u00e0 la protection de la vie priv\u00e9e porte sur les donn\u00e9es que nous collectons via notre site Internet.&nbsp; Une d\u00e9claration sp\u00e9cifique relative \u00e0 la protection de la vie priv\u00e9e s&rsquo;applique \u00e9ventuellement pour d&rsquo;autres traitements de donn\u00e9es.&nbsp; En communiquant vos donn\u00e9es sur notre site Internet, vous confirmez que vous avez lu et compris la pr\u00e9sente d\u00e9claration relative \u00e0 la protection de la vie priv\u00e9e et les conditions qui y sont \u00e9nonc\u00e9es.<\/p>\n\n\n\n<p><span style=\"text-decoration: underline\">1.  <strong><strong><u>Qui sommes-nous ?<\/u><\/strong><\/strong><\/span><\/p>\n\n\n\n<p><strong>FILLIERS DISTILLERY SA<\/strong>, poss\u00e9dant son si\u00e8ge social \u00e0 Leernsesteenweg 5, 9800 Deinze et inscrite au RPM Gand sous le num\u00e9ro 0401.021.457 (ci-dessous d\u00e9nomm\u00e9e \u00ab&nbsp;Filliers&nbsp;\u00bb ou \u00ab&nbsp;nous&nbsp;\u00bb), est le responsable du traitement de vos donn\u00e9es \u00e0 caract\u00e8re personnel que nous collectons via le site Internet.<\/p>\n\n\n\n<p>Nos coordonn\u00e9es sont les suivantes :<\/p>\n\n\n\n<p><strong>FILLIERS DISTILLERY NV&nbsp;&nbsp;&nbsp;&nbsp;&nbsp;&nbsp;&nbsp;&nbsp;&nbsp;&nbsp;&nbsp;&nbsp;&nbsp;&nbsp;&nbsp;&nbsp;&nbsp;&nbsp;&nbsp;&nbsp;&nbsp;&nbsp;&nbsp;&nbsp;&nbsp;&nbsp;&nbsp;&nbsp;&nbsp;&nbsp;&nbsp;&nbsp;&nbsp;&nbsp;&nbsp;&nbsp;&nbsp;&nbsp;&nbsp;&nbsp;&nbsp;&nbsp;&nbsp;&nbsp;&nbsp;&nbsp;&nbsp;&nbsp;&nbsp;<\/strong><\/p>\n\n\n\n<ul class=\"wp-block-list\"><li>Leernsesteenweg 5<\/li><li>9800 Deinze<\/li><li>Tel.: +32 (0)9 386 12 64<\/li><li>Adresse \u00e9lectronique: info@filliers.be <\/li><\/ul>\n\n\n\n<p><strong><span style=\"text-decoration: underline\">2. <strong><u>Quelles donn\u00e9es \u00e0 caract\u00e8re personnel collectons-nous ?<\/u><\/strong><\/span><\/strong><\/p>\n\n\n\n<p>Filliers collecte, enregistre et traite les donn\u00e9es \u00e0 caract\u00e8re personnel des visiteurs de son site Internet via le formulaire de contact. Ainsi, Filliers collecte, enregistre et traite les donn\u00e9es suivantes vous concernant quand vous compl\u00e9tez le formulaire de contact sur notre site Internet :<\/p>\n\n\n\n<ul class=\"wp-block-list\"><li>Nom&nbsp;;<\/li><li>Pr\u00e9nom&nbsp;;<\/li><li>Num\u00e9ro de t\u00e9l\u00e9phone ;<\/li><li>Adresse \u00e9lectronique ;<\/li><li>Num\u00e9ro de GSM et\/ou de t\u00e9l\u00e9phone fixe ;<\/li><li>Num\u00e9ro de TVA ;<\/li><li>Documents que vous annexez \u00e0 votre demande (par ex., un CV).<\/li><\/ul>\n\n\n\n<p>Si vous compl\u00e9tez le formulaire de contact pour postuler \u00e0 un poste vacant chez Filliers, nous collecterons alors \u00e9galement votre CV et votre lettre de motivation via le formulaire de contact.<\/p>\n\n\n\n<p>Nous utilisons \u00e9galement des cookies ou des technologies similaires sur notre site Internet, afin, essentiellement, d&rsquo;optimiser notre site Internet pour les utilisateurs.&nbsp; Dans certains cas, ces cookies peuvent \u00e9galement collecter des donn\u00e9es \u00e0 caract\u00e8re personnel vous concernant. Veuillez consulter notre <a href=\"http:\/\/www.filliersdistillery.be\/fr\/cookie-policy\">d\u00e9claration relative aux cookies<\/a> pour obtenir des informations plus sp\u00e9cifiques sur les cookies que nous utilisons.<\/p>\n\n\n\n<p><strong><span style=\"text-decoration: underline\">3. <strong><u>Comment utilisons-nous vos donn\u00e9es ?<\/u><\/strong><\/span><\/strong><\/p>\n\n\n\n<p>Les donn\u00e9es \u00e0 caract\u00e8re personnel susmentionn\u00e9es doivent \u00eatre obligatoirement communiqu\u00e9es quand vous compl\u00e9tez le formulaire de contact.&nbsp; Nous ne pourrons r\u00e9pondre \u00e0 votre demande si vous ne nous les communiquez pas. De m\u00eame, le traitement de vos donn\u00e9es \u00e0 caract\u00e8re personnel s&rsquo;ins\u00e8re totalement dans le cadre de la r\u00e9ponse \u00e0 votre demande.&nbsp; En compl\u00e9tant le formulaire de contact, vous nous autorisez \u00e0 traiter vos donn\u00e9es \u00e0 cette fin.<\/p>\n\n\n\n<p>Nous n&rsquo;utilisons pas vos donn\u00e9es \u00e0 caract\u00e8re personnel \u00e0 d&rsquo;autres fins.<\/p>\n\n\n\n<p>Si vous y avez consenti, nous pouvons \u00e9galement utiliser l&rsquo;adresse \u00e9lectronique que vous avez renseign\u00e9e afin de vous envoyer des courriels relatifs \u00e0 nos activit\u00e9s, promotions et actions.&nbsp; Vous pouvez toujours modifier vos pr\u00e9f\u00e9rences ou vous d\u00e9sinscrire \u00e0 la r\u00e9ception de ces courriels.&nbsp; De plus, vous pouvez \u00e9galement vous d\u00e9sinscrire en envoyant un courriel \u00e0 l&rsquo;adresse \u00e9lectronique suivante : <a href=\"mailto:info@filliers.be\">info@filliers.be<\/a>.<\/p>\n\n\n\n<p><strong><span style=\"text-decoration: underline\">4. <u><strong><u>Avec qui partageons-nous vos donn\u00e9es ?<\/u><\/strong><\/u><\/span><\/strong><\/p>\n\n\n\n<p>Filliers peut \u00e9ventuellement partager vos donn\u00e9es \u00e0 caract\u00e8re personnel avec des prestataires de services externes auxquels elle fait appel afin de vous fournir la prestation de services.&nbsp; Ces prestataires de services interviennent uniquement en qualit\u00e9 de sous-traitants \u00e0 l&rsquo;\u00e9gard de Filliers et cette derni\u00e8re conclura des contrats de sous-traitance avec ces prestataires de services.<\/p>\n\n\n\n<p>Pour le surplus, nous ne communiquons aucune donn\u00e9e \u00e0 caract\u00e8re personnel \u00e0 des tiers, sauf si nous y sommes tenus en vertu de dispositions l\u00e9gales contraignantes (par ex., la communication \u00e0 des organes externes, tels que des organismes de contr\u00f4le ou des services de police) et\/ou \u00e0 la suite d&rsquo;une injonction judiciaire ou des autorit\u00e9s publiques.<\/p>\n\n\n\n<p>Nous veillerons en tout cas \u00e0 ce que toutes les mesures de protection raisonnables soient prises afin de transmettre vos donn\u00e9es en toute s\u00e9curit\u00e9.<\/p>\n\n\n\n<p>Dans le souci d&rsquo;\u00eatre complets, nous soulignons que notre site Internet renvoie \u00e0 certains endroits aux sites Internet de tiers (par ex., les fournisseurs de marques que nous poss\u00e9dons dans notre portefeuille d&rsquo;importation). Aucune donn\u00e9e \u00e0 caract\u00e8re personnel n&rsquo;est partag\u00e9e dans le cadre de cette redirection, mais il est possible que le site Internet des tiers vers lequel vous \u00eates redirig\u00e9 collecte et traite \u00e9galement des donn\u00e9es \u00e0 caract\u00e8re personnel.&nbsp; Filliers d\u00e9cline toute responsabilit\u00e9 aff\u00e9rente au contenu de ces sites Internet et\/ou \u00e0 la mani\u00e8re dont ces sites Internet traitent vos donn\u00e9es \u00e0 caract\u00e8re personnel. Veuillez consulter la d\u00e9claration relative \u00e0 la protection de la vie priv\u00e9e et aux cookies des sites Internet respectifs pour obtenir de plus amples informations en la mati\u00e8re.<\/p>\n\n\n\n<p><strong><span style=\"text-decoration: underline\">5. <u><strong><u>Vos donn\u00e9es sont-elles transf\u00e9r\u00e9es \u00e0 l&rsquo;\u00e9tranger ?<\/u><\/strong><\/u><\/span><\/strong><\/p>\n\n\n\n<p>En principe, vos donn\u00e9es \u00e0 caract\u00e8re personnel ne sont pas transf\u00e9r\u00e9es \u00e0 l&rsquo;\u00e9tranger.<\/p>\n\n\n\n<p>Si ces transferts devaient s&rsquo;av\u00e9rer n\u00e9cessaires, nous prendrons les mesures n\u00e9cessaires afin de garantir que vos donn\u00e9es \u00e0 caract\u00e8re personnel jouissent d&rsquo;un degr\u00e9 de protection \u00e9lev\u00e9 et que tous les transferts de donn\u00e9es \u00e0 caract\u00e8re personnel vers des pays hors EEE soient ex\u00e9cut\u00e9s de mani\u00e8re r\u00e9guli\u00e8re. <\/p>\n\n\n\n<p>Dans le cas d&rsquo;un transfert vers un pays hors de l&rsquo;EEE, pour lequel la Commission europ\u00e9enne n&rsquo;a pas \u00e9tabli que le pays offre un niveau de protection ad\u00e9quat, ce transfert sera toujours soumis \u00e0 un accord qui satisfait \u00e0 toutes les exigences relatives aux transferts vers des pays tiers, telles que les dispositions standard approuv\u00e9es en mati\u00e8re de protection des donn\u00e9es adopt\u00e9es par la Commission europ\u00e9enne. Les dispositions standard approuv\u00e9es par la Commission europ\u00e9enne peuvent \u00eatre consult\u00e9es via l&rsquo;hyperlien suivant :<\/p>\n\n\n\n<p><strong><span style=\"text-decoration: underline\">6. <u><strong><u>Combien de temps conservons-nous vos donn\u00e9es \u00e0 caract\u00e8re personnel ?<\/u><\/strong><\/u><\/span><\/strong><\/p>\n\n\n\n<p>Nous ne conservons pas vos donn\u00e9es \u00e0 caract\u00e8re personnel plus longtemps que n\u00e9cessaire \u00e0 la r\u00e9alisation de l&rsquo;objectif pour lequel elles ont \u00e9t\u00e9 collect\u00e9es. Cela signifie que vos donn\u00e9es \u00e0 caract\u00e8re personnel sont en principe effac\u00e9es d\u00e8s que la demande, pour laquelle vous nous les avez communiqu\u00e9es, a \u00e9t\u00e9 cl\u00f4tur\u00e9e (par ex., les donn\u00e9es relatives \u00e0 une candidature seront conserv\u00e9es jusqu&rsquo;\u00e0 ce qu&rsquo;il soit pourvu au poste vacant).<\/p>\n\n\n\n<p>Si vous nous avez autoris\u00e9s \u00e0 utiliser vos donn\u00e9es \u00e0 des fins de marketing, nous conserverons vos donn\u00e9es pendant une dur\u00e9e maximale de 5 ans \u00e0 compter de la date de votre consentement (sauf si ce consentement a \u00e9t\u00e9 retir\u00e9 entre-temps).<\/p>\n\n\n\n<p>Nonobstant ce qui pr\u00e9c\u00e8de, nous ne pourrons supprimer certaines donn\u00e9es \u00e0 caract\u00e8re personnel si une obligation l\u00e9gale devait nous imposer de les conserver ou si nous devions disposer de ces donn\u00e9es dans le cadre d&rsquo;une action en justice.<\/p>\n\n\n\n<p><span style=\"text-decoration: underline\"><strong>7. <u><u>Comment vos donn\u00e9es \u00e0 caract\u00e8re personnel sont-elles prot\u00e9g\u00e9es ?<\/u><\/u><\/strong><\/span><\/p>\n\n\n\n<p>Nous avons pris toutes les mesures de protection techniques et organisationnelles raisonnables et appropri\u00e9es afin de prot\u00e9ger au mieux vos donn\u00e9es \u00e0 caract\u00e8re personnel contre toute manipulation, modification, publication, perte, abus, destruction ou acc\u00e8s fortuits ou volontaires (et non autoris\u00e9s) par des personnes non autoris\u00e9es.<\/p>\n\n\n\n<p><strong><span style=\"text-decoration: underline\">8. <u><strong><u>Quels sont vos droits aff\u00e9rents \u00e0 vos donn\u00e9es ?<\/u><\/strong><\/u><\/span><\/strong><\/p>\n\n\n\n<p>En vertu du R\u00e8glement G\u00e9n\u00e9ral sur la Protection des donn\u00e9es, vous jouissez d&rsquo;un droit (pour autant que les conditions concr\u00e8tes d&rsquo;exercice de ce droit soient remplies) :<\/p>\n\n\n\n<ul class=\"wp-block-list\"><li>D&rsquo;acc\u00e8s et d&rsquo;information sur les donn\u00e9es \u00e0 caract\u00e8re personnel vous concernant que nous traitons ;<\/li><li>\u00c0 l&rsquo;oubli ou de nous demander d&rsquo;effacer vos donn\u00e9es \u00e0 caract\u00e8re personnel ;<\/li><li>De rectification et de compl\u00e9tion ;<\/li><li>De portabilit\u00e9 des donn\u00e9es \u00e0 caract\u00e8re personnel ;<\/li><li>De limitation du traitement ;<\/li><li>De d\u00e9p\u00f4t de plainte.<\/li><\/ul>\n\n\n\n<p>Veuillez nous contacter par courriel \u00e0 l&rsquo;adresse \u00e9lectronique <a href=\"mailto:info@filliers.be\">info@filliers.be<\/a> afin d&rsquo;exercer ces droits.<\/p>\n\n\n\n<p>Afin de pouvoir v\u00e9rifier votre identit\u00e9, nous vous demandons de joindre une copie du recto de votre carte d&rsquo;identit\u00e9 \u00e0 toute demande. Apr\u00e8s contr\u00f4le de votre identit\u00e9, Filliers d\u00e9truira cette copie. Filliers r\u00e9pondra le plus rapidement possible \u00e0 votre demande, mais en tout cas dans un d\u00e9lai de quatre semaines.<\/p>\n\n\n\n<p>Vous pouvez exercer tous ces droits gratuitement, sauf si votre demande est manifestement non fond\u00e9e ou d\u00e9raisonnable (par exemple, en raison de son caract\u00e8re r\u00e9p\u00e9titif). Dans ce cas, nous pourrons vous facturer un montant raisonnable ou refuser de donner suite \u00e0 votre demande.<\/p>\n\n\n\n<p><strong><span style=\"text-decoration: underline\">9. <u><strong><u>Vous souhaitez d\u00e9poser une plainte ?<\/u><\/strong><\/u><\/span><\/strong><\/p>\n\n\n\n<p>Si vous souhaitez vous plaindre au sujet de la mani\u00e8re dont nous traitons vos donn\u00e9es \u00e0 caract\u00e8re personnel, vous pouvez toujours nous adresser cette plainte \u00e0 l&rsquo;adresse <a href=\"mailto:info@filliers.be\">info@filliers.be<\/a>, afin que nous puissions y r\u00e9pondre.<\/p>\n\n\n\n<p>Vous pouvez \u00e9galement d\u00e9poser une plainte aupr\u00e8s de l&rsquo;Autorit\u00e9 de protection des donn\u00e9es :<\/p>\n\n\n\n<p><strong><strong>Site internet<\/strong><\/strong> <strong>:<\/strong><\/p>\n\n\n\n<p><a href=\"https:\/\/www.autoriteprotectiondonnees.be\/citoyen\/agir\/introduire-une-plainte\">https:\/\/www.autoriteprotectiondonnees.be\/citoyen\/agir\/introduire-une-plainte<\/a><\/p>\n\n\n\n<p><strong><strong>Coordonn\u00e9es :<\/strong><\/strong><\/p>\n\n\n\n<p>Autorit\u00e9 de protection des donn\u00e9es<\/p>\n\n\n\n<p>Rue de la Presse, 35, 1000 Bruxelles<\/p>\n\n\n\n<ul class=\"wp-block-list\"><li>&nbsp;+32 (0)2 274 48 00<\/li><li>+32 (0)2 274 48 35<\/li><li><a href=\"mailto:contact@apd-gba.be\">contact@apd-gba.be<\/a><\/li><\/ul>\n\n\n\n<p><strong><span style=\"text-decoration: underline\">10. <strong><u>Des questions ?<\/u><\/strong><\/span><\/strong><\/p>\n\n\n\n<p>Si des questions relatives \u00e0 la pr\u00e9sente d\u00e9claration relative \u00e0 la protection de la vie priv\u00e9e demeurent sans r\u00e9ponse, veuillez nous les adresser \u00e0 l&rsquo;adresse \u00e9lectronique <a href=\"mailto:info@filliers.be\">info@filliers.be<\/a><\/p>\n\n\n\n<p><strong><span style=\"text-decoration: underline\">11. <u><strong><u>Modifications <\/u><\/strong> <\/u><\/span><\/strong><\/p>\n\n\n\n<p>Nous pouvons parfois modifier la pr\u00e9sente d\u00e9claration relative \u00e0 la protection de la vie priv\u00e9e afin de r\u00e9pondre aux commentaires ou vous informer au sujet de modifications dans nos activit\u00e9s de traitement. La nouvelle version s&rsquo;appliquera \u00e0 compter de la date de votre premi\u00e8re visite suivante de notre site Internet. Nous vous invitons donc \u00e0 toujours consulter la derni\u00e8re version de cette politique relative \u00e0 la protection de la vie priv\u00e9e sur notre site Internet.<\/p>\n","protected":false},"excerpt":{"rendered":"<p>La protection de votre vie priv\u00e9e est essentielle \u00e0 nos yeux. D\u00e8s lors, la pr\u00e9sente d\u00e9claration relative \u00e0 la protection&#8230;<\/p>\n","protected":false},"author":4,"featured_media":0,"parent":0,"menu_order":0,"comment_status":"closed","ping_status":"closed","template":"templates\/tpl-no-header.php","meta":{"footnotes":""},"class_list":["post-3430","page","type-page","status-publish","hentry"],"yoast_head":"<!-- This site is optimized with the Yoast SEO plugin v14.8 - https:\/\/yoast.com\/wordpress\/plugins\/seo\/ -->\n<title>Privacy Policy | Filliers Distillery<\/title>\n<meta name=\"robots\" content=\"index, follow\" \/>\n<meta name=\"googlebot\" content=\"index, follow, max-snippet:-1, max-image-preview:large, max-video-preview:-1\" \/>\n<meta name=\"bingbot\" content=\"index, follow, max-snippet:-1, max-image-preview:large, max-video-preview:-1\" \/>\n<link rel=\"canonical\" href=\"http:\/\/filliers.wpengine.com\/fr\/legal\/\" \/>\n<meta property=\"og:locale\" content=\"fr_FR\" \/>\n<meta property=\"og:type\" content=\"article\" \/>\n<meta property=\"og:title\" content=\"Privacy Policy | Filliers Distillery\" \/>\n<meta property=\"og:description\" content=\"La protection de votre vie priv\u00e9e est essentielle \u00e0 nos yeux. D\u00e8s lors, la pr\u00e9sente d\u00e9claration relative \u00e0 la protection...\" \/>\n<meta property=\"og:url\" content=\"http:\/\/filliers.wpengine.com\/fr\/legal\/\" \/>\n<meta property=\"og:site_name\" content=\"Filliers Distillery\" \/>\n<meta property=\"article:modified_time\" content=\"2020-12-08T15:51:08+00:00\" \/>\n<meta name=\"twitter:card\" content=\"summary_large_image\" \/>\n<script type=\"application\/ld+json\" class=\"yoast-schema-graph\">{\"@context\":\"https:\/\/schema.org\",\"@graph\":[{\"@type\":\"Organization\",\"@id\":\"https:\/\/filliersdistillery.com\/fr\/#organization\",\"name\":\"Filliers Distillery\",\"url\":\"https:\/\/filliersdistillery.com\/fr\/\",\"sameAs\":[],\"logo\":{\"@type\":\"ImageObject\",\"@id\":\"https:\/\/filliersdistillery.com\/fr\/#logo\",\"inLanguage\":\"fr-FR\",\"url\":\"https:\/\/filliersdistillery.com\/wp-content\/uploads\/2024\/01\/FILLIERSDISTILLERY_black_CMYK.png\",\"width\":2363,\"height\":1182,\"caption\":\"Filliers Distillery\"},\"image\":{\"@id\":\"https:\/\/filliersdistillery.com\/fr\/#logo\"}},{\"@type\":\"WebSite\",\"@id\":\"https:\/\/filliersdistillery.com\/fr\/#website\",\"url\":\"https:\/\/filliersdistillery.com\/fr\/\",\"name\":\"Filliers Distillery\",\"description\":\"Filliers Distillery\",\"publisher\":{\"@id\":\"https:\/\/filliersdistillery.com\/fr\/#organization\"},\"potentialAction\":[{\"@type\":\"SearchAction\",\"target\":\"https:\/\/filliersdistillery.com\/fr\/?s={search_term_string}\",\"query-input\":\"required name=search_term_string\"}],\"inLanguage\":\"fr-FR\"},{\"@type\":\"WebPage\",\"@id\":\"http:\/\/filliers.wpengine.com\/fr\/legal\/#webpage\",\"url\":\"http:\/\/filliers.wpengine.com\/fr\/legal\/\",\"name\":\"Privacy Policy | Filliers Distillery\",\"isPartOf\":{\"@id\":\"https:\/\/filliersdistillery.com\/fr\/#website\"},\"datePublished\":\"2020-08-19T12:12:45+00:00\",\"dateModified\":\"2020-12-08T15:51:08+00:00\",\"breadcrumb\":{\"@id\":\"http:\/\/filliers.wpengine.com\/fr\/legal\/#breadcrumb\"},\"inLanguage\":\"fr-FR\",\"potentialAction\":[{\"@type\":\"ReadAction\",\"target\":[\"http:\/\/filliers.wpengine.com\/fr\/legal\/\"]}]},{\"@type\":\"BreadcrumbList\",\"@id\":\"http:\/\/filliers.wpengine.com\/fr\/legal\/#breadcrumb\",\"itemListElement\":[{\"@type\":\"ListItem\",\"position\":1,\"item\":{\"@type\":\"WebPage\",\"@id\":\"http:\/\/filliers.wpengine.com\/fr\/legal\/\",\"url\":\"http:\/\/filliers.wpengine.com\/fr\/legal\/\",\"name\":\"Privacy Policy\"}}]}]}<\/script>\n<!-- \/ Yoast SEO plugin. -->","_links":{"self":[{"href":"https:\/\/filliersdistillery.com\/fr\/wp-json\/wp\/v2\/pages\/3430","targetHints":{"allow":["GET"]}}],"collection":[{"href":"https:\/\/filliersdistillery.com\/fr\/wp-json\/wp\/v2\/pages"}],"about":[{"href":"https:\/\/filliersdistillery.com\/fr\/wp-json\/wp\/v2\/types\/page"}],"author":[{"embeddable":true,"href":"https:\/\/filliersdistillery.com\/fr\/wp-json\/wp\/v2\/users\/4"}],"replies":[{"embeddable":true,"href":"https:\/\/filliersdistillery.com\/fr\/wp-json\/wp\/v2\/comments?post=3430"}],"version-history":[{"count":0,"href":"https:\/\/filliersdistillery.com\/fr\/wp-json\/wp\/v2\/pages\/3430\/revisions"}],"wp:attachment":[{"href":"https:\/\/filliersdistillery.com\/fr\/wp-json\/wp\/v2\/media?parent=3430"}],"curies":[{"name":"wp","href":"https:\/\/api.w.org\/{rel}","templated":true}]}}